{"id":12684,"date":"2025-03-21T09:32:51","date_gmt":"2025-03-21T09:32:51","guid":{"rendered":"https:\/\/inmobport.com\/properties\/seaview-apt-aina-3\/"},"modified":"2025-05-13T09:53:27","modified_gmt":"2025-05-13T09:53:27","slug":"seaview-apt-aina-3","status":"publish","type":"properties","link":"https:\/\/inmobport.com\/es\/properties\/seaview-apt-aina-3\/","title":{"rendered":"Seaview Apt Aina 3"},"content":{"rendered":"\n<div class=\"wp-block-columns is-layout-flex wp-container-core-columns-is-layout-28f84493 wp-block-columns-is-layout-flex\">\n<div class=\"wp-block-column is-layout-flow wp-block-column-is-layout-flow\">\n<p>Este apartamento del tercer piso, totalmente equipado, destaca por su incre\u00edble ubicaci\u00f3n. Situado en primera l\u00ednea de la playa de Puerto Pollensa, disfrutar\u00e1s de unas incre\u00edbles vistas a la monta\u00f1a y al mar desde la amplia terraza. El interior del apartamento tiene todo lo necesario para disfrutar de una agradable escapada de vacaciones aqu\u00ed, en esta encantadora ciudad. El apartamento tiene una capacidad m\u00e1xima para 6 hu\u00e9spedes, con 2 dormitorios dobles y uno individual y 2 cuartos de ba\u00f1o. La cocina est\u00e1 totalmente equipada, con todo lo necesario para que te sientas como si estuvieras preparando una comida en tu propia casa. Hay aparatos de aire acondicionado en todos los dormitorios, y tambi\u00e9n en la zona del sal\u00f3n. Hay wifi gratuito y tambi\u00e9n TV por sat\u00e9lite.<\/p>\n\n\n\n<p>Los apartamentos Aina est\u00e1n a tiro de piedra de la plaza principal, donde se celebra el mercado semanal de los mi\u00e9rcoles por la ma\u00f1ana. Aqu\u00ed tambi\u00e9n encontrar\u00e1s algunos bares y restaurantes maravillosos. La plaza cobra vida por las tardes con un ambiente animado durante los meses de verano.<\/p>\n\n\n\n<p>Los apartamentos est\u00e1n convenientemente situados cerca de tiendas y supermercados, por lo que si decides no alquilar un coche tendr\u00e1s todo lo que necesites en la puerta.<\/p>\n\n\n\n<p>No te lo pierdas y reserva ya este precioso apartamento. \u00a1Estamos seguros de que te encantar\u00e1!<\/p>\n<\/div>\n<\/div>\n","protected":false},"author":7,"featured_media":12270,"template":"","category-type":[45],"payment":[],"property-type":[60],"class_list":["post-12684","properties","type-properties","status-publish","has-post-thumbnail","hentry","category-type-holiday-rental","property-type-apartment-es"],"_links":{"self":[{"href":"https:\/\/inmobport.com\/es\/wp-json\/wp\/v2\/properties\/12684","targetHints":{"allow":["GET"]}}],"collection":[{"href":"https:\/\/inmobport.com\/es\/wp-json\/wp\/v2\/properties"}],"about":[{"href":"https:\/\/inmobport.com\/es\/wp-json\/wp\/v2\/types\/properties"}],"author":[{"embeddable":true,"href":"https:\/\/inmobport.com\/es\/wp-json\/wp\/v2\/users\/7"}],"wp:featuredmedia":[{"embeddable":true,"href":"https:\/\/inmobport.com\/es\/wp-json\/wp\/v2\/media\/12270"}],"wp:attachment":[{"href":"https:\/\/inmobport.com\/es\/wp-json\/wp\/v2\/media?parent=12684"}],"wp:term":[{"taxonomy":"category-type","embeddable":true,"href":"https:\/\/inmobport.com\/es\/wp-json\/wp\/v2\/category-type?post=12684"},{"taxonomy":"payment","embeddable":true,"href":"https:\/\/inmobport.com\/es\/wp-json\/wp\/v2\/payment?post=12684"},{"taxonomy":"property-type","embeddable":true,"href":"https:\/\/inmobport.com\/es\/wp-json\/wp\/v2\/property-type?post=12684"}],"curies":[{"name":"wp","href":"https:\/\/api.w.org\/{rel}","templated":true}]}}